{"id":12,"date":"2025-08-05T05:30:57","date_gmt":"2025-08-05T05:30:57","guid":{"rendered":"https:\/\/test.asballett.ch\/?page_id=12"},"modified":"2025-08-29T14:44:13","modified_gmt":"2025-08-29T14:44:13","slug":"ueber-uns","status":"publish","type":"page","link":"https:\/\/asballett.ch\/en\/ueber-uns\/","title":{"rendered":"About Us"},"content":{"rendered":"<div class=\"wp-block-cover alignfull\" style=\"margin-top:0;margin-bottom:0;padding-top:0px;padding-bottom:80px;min-height:300px;aspect-ratio:unset;\"><img decoding=\"async\" class=\"wp-block-cover__image-background wp-image-4206\" alt=\"\" src=\"https:\/\/tyler.com\/wp-content\/uploads\/2023\/12\/surf-banner1.jpg\" style=\"object-position:100% 50%\" data-object-fit=\"cover\" data-object-position=\"100% 50%\"\/><span aria-hidden=\"true\" class=\"wp-block-cover__background has-background-dim-100 has-background-dim\" style=\"background-color:#ff0000\"><\/span><div class=\"wp-block-cover__inner-container has-global-padding is-layout-constrained wp-container-core-cover-is-layout-dbdc9177 wp-block-cover-is-layout-constrained\">\n<div style=\"height:150px\" aria-hidden=\"true\" class=\"wp-block-spacer\"><\/div>\n\n\n\n<h1 class=\"wp-block-heading has-text-align-center has-text-color has-link-color has-suranna-font-family wp-elements-1\" style=\"color:#ffffff;font-size:clamp(38.682px, 2.418rem + ((1vw - 3.2px) * 3.786), 72px);font-style:normal;font-weight:500\">About Us<\/h1>\n<\/div><\/div>\n\n\n\n<section class=\"wp-block-group alignfull has-global-padding is-layout-constrained wp-container-core-group-is-layout-5cc14852 wp-block-group-is-layout-constrained\" style=\"margin-top:0px;padding-top:30px;padding-right:var(--wp--preset--spacing--40);padding-bottom:30px;padding-left:var(--wp--preset--spacing--40);font-size:clamp(0.875rem, 0.875rem + ((1vw - 0.2rem) * 0.464), 1.13rem);font-style:normal;font-weight:400;line-height:1.4\">\n<div class=\"wp-block-columns is-layout-flex wp-container-core-columns-is-layout-185a18d9 wp-block-columns-is-layout-flex\" style=\"margin-bottom:0px\">\n<div class=\"wp-block-column is-vertically-aligned-center is-layout-flow wp-block-column-is-layout-flow\" style=\"flex-basis:50%\">\n<figure class=\"wp-block-image alignleft size-full is-resized\" style=\"margin-right:0;margin-left:0\"><img fetchpriority=\"high\" decoding=\"async\" width=\"1842\" height=\"2560\" src=\"https:\/\/asballett.ch\/wp-content\/uploads\/2025\/08\/f7e77d0f-95d0-438c-82b0-6422c695e22a-scaled.jpg\" alt=\"\" class=\"wp-image-492\" style=\"aspect-ratio:3\/4;object-fit:cover;width:500px\" srcset=\"https:\/\/asballett.ch\/wp-content\/uploads\/2025\/08\/f7e77d0f-95d0-438c-82b0-6422c695e22a-scaled.jpg 1842w, https:\/\/asballett.ch\/wp-content\/uploads\/2025\/08\/f7e77d0f-95d0-438c-82b0-6422c695e22a-216x300.jpg 216w, https:\/\/asballett.ch\/wp-content\/uploads\/2025\/08\/f7e77d0f-95d0-438c-82b0-6422c695e22a-737x1024.jpg 737w, https:\/\/asballett.ch\/wp-content\/uploads\/2025\/08\/f7e77d0f-95d0-438c-82b0-6422c695e22a-768x1067.jpg 768w, https:\/\/asballett.ch\/wp-content\/uploads\/2025\/08\/f7e77d0f-95d0-438c-82b0-6422c695e22a-1105x1536.jpg 1105w, https:\/\/asballett.ch\/wp-content\/uploads\/2025\/08\/f7e77d0f-95d0-438c-82b0-6422c695e22a-1473x2048.jpg 1473w\" sizes=\"(max-width: 1842px) 100vw, 1842px\" \/><figcaption class=\"wp-element-caption\">S\u00f4nia Melo (La fille mal gard\u00e9e, Stadttheater Bern)<\/figcaption><\/figure>\n<\/div>\n\n\n\n<div class=\"wp-block-column is-vertically-aligned-center has-global-padding is-layout-constrained wp-container-core-column-is-layout-310f78de wp-block-column-is-layout-constrained\" style=\"flex-basis:50%\">\n<h4 class=\"wp-block-heading has-text-align-left has-text-color has-suranna-font-family\" style=\"color:#000000;margin-top:0.5rem;margin-bottom:0rem;font-size:clamp(20.515px, 1.282rem + ((1vw - 3.2px) * 1.419), 33px);font-style:normal;font-weight:500;letter-spacing:0px;line-height:1.3\">Our History<\/h4>\n\n\n\n<p class=\"has-text-align-left has-text-color has-pontano-sans-font-family wp-block-paragraph\" style=\"color:#000000;margin-top:20px;margin-bottom:20px;font-size:clamp(14px, 0.875rem + ((1vw - 3.2px) * 0.455), 18px);font-style:normal;font-weight:400;line-height:1.5\">Founded in 1996 in K\u00f6niz near Bern by S\u00f4nia Melo and Alfonso Bausilio, the AS Ballet School is based on the legacy of two artists with international careers marked by excellence.<\/p>\n\n\n\n<p class=\"has-text-align-left has-text-color has-pontano-sans-font-family wp-block-paragraph\" style=\"color:#000000;margin-top:20px;margin-bottom:20px;font-size:clamp(14px, 0.875rem + ((1vw - 3.2px) * 0.455), 18px);font-style:normal;font-weight:400;line-height:1.5\"><br>S\u00f4nia Melo, trained in Brazil, was a soloist with the S\u00e3o Paulo City Ballet, the Rio de Janeiro Ballet Company, and the Grand Th\u00e9\u00e2tre de Gen\u00e8ve before joining the Stadttheater Bern, where she danced and choreographed for over ten years.<\/p>\n\n\n\n<p class=\"has-text-align-left has-text-color has-pontano-sans-font-family wp-block-paragraph\" style=\"color:#000000;margin-top:20px;margin-bottom:20px;font-size:clamp(14px, 0.875rem + ((1vw - 3.2px) * 0.455), 18px);font-style:normal;font-weight:400;line-height:1.5\"><br>Alfonso Bausilio, trained in Naples, has performed as a soloist at major opera houses such as La Fenice in Venice, the Opera in Rome, the Ballet Royal de Wallonie, and the Israel Ballet. He has also left his mark as a dancer at the Stadttheater Bern.<\/p>\n\n\n\n<p class=\"has-text-align-left has-text-color has-pontano-sans-font-family wp-block-paragraph\" style=\"color:#000000;margin-top:20px;margin-bottom:20px;font-size:clamp(14px, 0.875rem + ((1vw - 3.2px) * 0.455), 18px);font-style:normal;font-weight:400;line-height:1.5\"><br>With a wealth of experience working with personalities such as Rudolf Nureyev, Fernando Bujones, and Wilfride Piollet, they put their knowledge at the service of future generations of dancers\u2014with high standards, goodwill, and passion.<\/p>\n\n\n\n<p class=\"has-text-align-left has-text-color has-pontano-sans-font-family wp-block-paragraph\" style=\"color:#000000;margin-top:20px;margin-bottom:20px;font-size:clamp(14px, 0.875rem + ((1vw - 3.2px) * 0.455), 18px);font-style:normal;font-weight:400;line-height:1.5\"><\/p>\n<\/div>\n<\/div>\n<\/section>\n\n\n\n<section class=\"wp-block-group alignfull has-global-padding is-layout-constrained wp-container-core-group-is-layout-624017fa wp-block-group-is-layout-constrained\" style=\"margin-top:0px;padding-top:2.8rem;padding-right:var(--wp--preset--spacing--40);padding-bottom:2.8rem;padding-left:var(--wp--preset--spacing--40);font-size:clamp(0.875rem, 0.875rem + ((1vw - 0.2rem) * 0.464), 1.13rem);font-style:normal;font-weight:400;line-height:1.4\">\n<div class=\"wp-block-columns is-layout-flex wp-container-core-columns-is-layout-185a18d9 wp-block-columns-is-layout-flex\" style=\"margin-bottom:0px\">\n<div class=\"wp-block-column is-vertically-aligned-center has-global-padding is-layout-constrained wp-container-core-column-is-layout-efcec4e7 wp-block-column-is-layout-constrained\" style=\"padding-right:0;padding-left:0;flex-basis:50%\">\n<h4 class=\"wp-block-heading has-text-align-left has-text-color has-suranna-font-family\" style=\"color:#010101;margin-top:0.5rem;margin-bottom:0rem;font-size:clamp(20.515px, 1.282rem + ((1vw - 3.2px) * 1.419), 33px);font-style:normal;font-weight:500;letter-spacing:0px;line-height:1.3\">A reputation built on excellence and empathy<\/h4>\n\n\n\n<p class=\"has-text-align-left has-text-color has-pontano-sans-font-family wp-block-paragraph\" style=\"color:#010101;margin-top:20px;margin-bottom:20px;font-size:clamp(14px, 0.875rem + ((1vw - 3.2px) * 0.455), 18px);font-style:normal;font-weight:400;line-height:1.5\">The school has trained numerous dancers who are now employed by renowned companies, particularly at the Paris Opera, the B\u00e9jart Company, in Rotterdam, in the United States, in Hollywood, and on Broadway in New York City.<\/p>\n\n\n\n<p class=\"wp-block-paragraph\">At the same time, the AS Ballet School actively participates in numerous international competitions in France, Italy, Germany, and the United States. These competitions, which are open to students of a certain level, are an integral part of our teaching approach: they enable everyone to position themselves in a stimulating professional context, evaluated by highly qualified judges from major international institutions.<\/p>\n\n\n\n<p class=\"has-text-align-left has-text-color has-pontano-sans-font-family wp-block-paragraph\" style=\"color:#010101;margin-top:20px;margin-bottom:20px;font-size:clamp(14px, 0.875rem + ((1vw - 3.2px) * 0.455), 18px);font-style:normal;font-weight:400;line-height:1.5\">An internal examination is also organized annually, attended by prestigious guest juries from renowned institutions such as the Paris Opera.<\/p>\n<\/div>\n\n\n\n<div class=\"wp-block-column is-vertically-aligned-center is-layout-flow wp-block-column-is-layout-flow\" style=\"flex-basis:50%\">\n<figure class=\"wp-block-image alignright size-full is-resized has-custom-border\" style=\"margin-right:0;margin-left:0\"><img decoding=\"async\" width=\"980\" height=\"1105\" src=\"https:\/\/asballett.ch\/wp-content\/uploads\/2025\/08\/on-the-rise-giuseppe-bausilio.jpeg\" alt=\"\" class=\"wp-image-484\" style=\"border-style:none;border-width:0px;width:500px\" srcset=\"https:\/\/asballett.ch\/wp-content\/uploads\/2025\/08\/on-the-rise-giuseppe-bausilio.jpeg 980w, https:\/\/asballett.ch\/wp-content\/uploads\/2025\/08\/on-the-rise-giuseppe-bausilio-266x300.jpeg 266w, https:\/\/asballett.ch\/wp-content\/uploads\/2025\/08\/on-the-rise-giuseppe-bausilio-908x1024.jpeg 908w, https:\/\/asballett.ch\/wp-content\/uploads\/2025\/08\/on-the-rise-giuseppe-bausilio-768x866.jpeg 768w\" sizes=\"(max-width: 980px) 100vw, 980px\" \/><figcaption class=\"wp-element-caption\">Alumni <a href=\"https:\/\/www.instagram.com\/giuseppebausilio\/?hl=fr\">Giuseppe Bausilio (Broadway NYC)<\/a><\/figcaption><\/figure>\n<\/div>\n<\/div>\n<\/section>\n\n\n\n<section class=\"wp-block-group alignfull has-global-padding is-layout-constrained wp-container-core-group-is-layout-624017fa wp-block-group-is-layout-constrained\" style=\"margin-top:0px;padding-top:2.8rem;padding-right:var(--wp--preset--spacing--40);padding-bottom:2.8rem;padding-left:var(--wp--preset--spacing--40);font-size:clamp(0.875rem, 0.875rem + ((1vw - 0.2rem) * 0.464), 1.13rem);font-style:normal;font-weight:400;line-height:1.4\">\n<div class=\"wp-block-columns is-layout-flex wp-container-core-columns-is-layout-185a18d9 wp-block-columns-is-layout-flex\" style=\"margin-bottom:0px\">\n<div class=\"wp-block-column is-vertically-aligned-center is-layout-flow wp-block-column-is-layout-flow\" style=\"flex-basis:50%\">\n<figure class=\"wp-block-image alignleft size-full is-resized has-custom-border\" style=\"margin-right:0;margin-left:0\"><img decoding=\"async\" width=\"1112\" height=\"739\" src=\"https:\/\/asballett.ch\/wp-content\/uploads\/2025\/08\/529S1452_as_ballett-edited.jpg\" alt=\"\" class=\"has-border-color has-tertiary-border-color wp-image-215\" style=\"border-width:1px;aspect-ratio:1.5;object-fit:cover;width:500px\" srcset=\"https:\/\/asballett.ch\/wp-content\/uploads\/2025\/08\/529S1452_as_ballett-edited.jpg 1112w, https:\/\/asballett.ch\/wp-content\/uploads\/2025\/08\/529S1452_as_ballett-edited-300x199.jpg 300w, https:\/\/asballett.ch\/wp-content\/uploads\/2025\/08\/529S1452_as_ballett-edited-1024x681.jpg 1024w, https:\/\/asballett.ch\/wp-content\/uploads\/2025\/08\/529S1452_as_ballett-edited-768x510.jpg 768w\" sizes=\"(max-width: 1112px) 100vw, 1112px\" \/><figcaption class=\"wp-element-caption\">Sleeping Beauty (Stadttheater Bern)<\/figcaption><\/figure>\n<\/div>\n\n\n\n<div class=\"wp-block-column is-vertically-aligned-center has-global-padding is-layout-constrained wp-container-core-column-is-layout-310f78de wp-block-column-is-layout-constrained\" style=\"flex-basis:50%\">\n<h3 class=\"wp-block-heading has-text-align-left has-text-color has-suranna-font-family\" style=\"color:#010101;margin-top:0.5rem;margin-bottom:0rem;font-size:clamp(20.515px, 1.282rem + ((1vw - 3.2px) * 1.419), 33px);font-style:normal;font-weight:500;letter-spacing:0px;line-height:1.3\">Artistic and geographic openness<\/h3>\n\n\n\n<p class=\"has-text-align-left has-text-color has-pontano-sans-font-family wp-block-paragraph\" style=\"color:#010101;margin-top:20px;margin-bottom:20px;font-size:clamp(14px, 0.875rem + ((1vw - 3.2px) * 0.455), 18px);font-style:normal;font-weight:400;line-height:1.5\">During its 30 years of existence, the school has had the honor of performing several times at the Stadttheater Bern. Most of the annual performances take place in various theaters in Bern and the surrounding area, which allows for a diverse approach to the stage and the audience.<\/p>\n\n\n\n<p class=\"wp-block-paragraph\">The AS Ballet School also maintains long-standing partnerships with:<\/p>\n\n\n\n<p class=\"wp-block-paragraph\">\u2022 the Centre Acad\u00e9mique de Danse (CAD) in Apt (France),<\/p>\n\n\n\n<p class=\"has-text-align-left has-text-color has-pontano-sans-font-family wp-block-paragraph\" style=\"color:#010101;margin-top:20px;margin-bottom:20px;font-size:clamp(14px, 0.875rem + ((1vw - 3.2px) * 0.455), 18px);font-style:normal;font-weight:400;line-height:1.5\">\u2022 the \u00c9cole de danse d\u2019Apt as part of the Danse sous les \u00e9toiles event, in which the school regularly participates.<br><\/p>\n<\/div>\n<\/div>\n<\/section>\n\n\n\n<section class=\"wp-block-group alignfull has-global-padding is-layout-constrained wp-container-core-group-is-layout-624017fa wp-block-group-is-layout-constrained\" style=\"margin-top:0px;padding-top:2.8rem;padding-right:var(--wp--preset--spacing--40);padding-bottom:2.8rem;padding-left:var(--wp--preset--spacing--40);font-size:clamp(0.875rem, 0.875rem + ((1vw - 0.2rem) * 0.464), 1.13rem);font-style:normal;font-weight:400;line-height:1.4\">\n<div class=\"wp-block-columns is-layout-flex wp-container-core-columns-is-layout-185a18d9 wp-block-columns-is-layout-flex\" style=\"margin-bottom:0px\">\n<div class=\"wp-block-column is-vertically-aligned-center has-global-padding is-layout-constrained wp-container-core-column-is-layout-310f78de wp-block-column-is-layout-constrained\" style=\"flex-basis:50%\">\n<h3 class=\"wp-block-heading has-text-align-left has-text-color has-suranna-font-family\" style=\"color:#010101;margin-top:0.5rem;margin-bottom:0rem;font-size:clamp(20.515px, 1.282rem + ((1vw - 3.2px) * 1.419), 33px);font-style:normal;font-weight:500;letter-spacing:0px;line-height:1.3\">A transatlantic dialogue about dance<\/h3>\n\n\n\n<p class=\"has-text-align-left has-text-color has-pontano-sans-font-family wp-block-paragraph\" style=\"color:#010101;margin-top:20px;margin-bottom:20px;font-size:clamp(14px, 0.875rem + ((1vw - 3.2px) * 0.455), 18px);font-style:normal;font-weight:400;line-height:1.5\">For 16 years, S\u00f4nia Melo ran an educational branch in New York under the name of American Swiss Ballet, which represented an important stage of artistic exchange for the school. Regular collaborations developed between Switzerland and the United States: student exchanges, performances in New York\u2014particularly at the Theater at St. Jean (Manhattan), Dixon Place, Gelsey Kirkland Academy Theater, and Symphony Space Theater\u2014as well as tours in Switzerland and France by the small company founded within this framework. S\u00f4nia Melo was also co-producer of the revival of the musical Evita on Broadway, starring Ricky Martin in the lead role.<\/p>\n\n\n\n<p class=\"has-text-align-left has-text-color has-pontano-sans-font-family wp-block-paragraph\" style=\"color:#010101;margin-top:20px;margin-bottom:20px;font-size:clamp(14px, 0.875rem + ((1vw - 3.2px) * 0.455), 18px);font-style:normal;font-weight:400;line-height:1.5\">This immersion in the cultural life of New York\u2014where dance and Broadway can be found on every street corner\u2014has had a profound influence on the school's educational vision: a cosmopolitan dance style that is rigorous but never narrow-minded. Dance is more than just a discipline; it trains ambition, creativity, and interdisciplinarity\u2014all important qualities in the contemporary art scene.<\/p>\n<\/div>\n\n\n\n<div class=\"wp-block-column is-vertically-aligned-center is-layout-flow wp-block-column-is-layout-flow\" style=\"flex-basis:50%\">\n<figure class=\"wp-block-image alignright size-full is-resized has-custom-border\" style=\"margin-right:0;margin-left:0\"><img loading=\"lazy\" decoding=\"async\" width=\"840\" height=\"672\" src=\"https:\/\/asballett.ch\/wp-content\/uploads\/2025\/08\/IMG_1257_web.jpg\" alt=\"\" class=\"wp-image-480\" style=\"border-style:none;border-width:0px;aspect-ratio:3\/4;object-fit:cover;width:500px\" srcset=\"https:\/\/asballett.ch\/wp-content\/uploads\/2025\/08\/IMG_1257_web.jpg 840w, https:\/\/asballett.ch\/wp-content\/uploads\/2025\/08\/IMG_1257_web-300x240.jpg 300w, https:\/\/asballett.ch\/wp-content\/uploads\/2025\/08\/IMG_1257_web-768x614.jpg 768w\" sizes=\"(max-width: 840px) 100vw, 840px\" \/><figcaption class=\"wp-element-caption\">AS Ballet New York AKA: American Swiss Ballet<\/figcaption><\/figure>\n<\/div>\n<\/div>\n<\/section>\n\n\n\n<section class=\"wp-block-group alignfull has-global-padding is-layout-constrained wp-container-core-group-is-layout-624017fa wp-block-group-is-layout-constrained\" style=\"margin-top:0px;padding-top:2.8rem;padding-right:var(--wp--preset--spacing--40);padding-bottom:2.8rem;padding-left:var(--wp--preset--spacing--40);font-size:clamp(0.875rem, 0.875rem + ((1vw - 0.2rem) * 0.464), 1.13rem);font-style:normal;font-weight:400;line-height:1.4\">\n<div class=\"wp-block-columns alignwide is-layout-flex wp-container-core-columns-is-layout-966b5469 wp-block-columns-is-layout-flex\" style=\"margin-bottom:0px\">\n<div class=\"wp-block-column is-vertically-aligned-center has-global-padding is-layout-constrained wp-container-core-column-is-layout-70dd7cf7 wp-block-column-is-layout-constrained\" style=\"flex-basis:33.34%\">\n<h3 class=\"wp-block-heading has-text-align-left has-text-color has-suranna-font-family\" style=\"color:#010101;margin-top:0.5rem;margin-bottom:0rem;font-size:clamp(20.515px, 1.282rem + ((1vw - 3.2px) * 1.419), 33px);font-style:normal;font-weight:500;letter-spacing:0px;line-height:1.3\">A new era since August 2025<\/h3>\n\n\n\n<p class=\"has-text-align-left has-text-color has-pontano-sans-font-family wp-block-paragraph\" style=\"color:#010101;margin-top:20px;margin-bottom:20px;font-size:clamp(14px, 0.875rem + ((1vw - 3.2px) * 0.455), 18px);font-style:normal;font-weight:400;line-height:1.5\">In August 2025, the AS Ballet School begins a new chapter in its history.<\/p>\n\n\n\n<p class=\"wp-block-paragraph\">In August 2025, the AS Ballet School begins a new chapter in its history. <strong>Yannick Bittencourt<\/strong>, son of the founders, joins forces with <strong>Gr\u00e9gory Dominiak<\/strong> joining the artistic direction of the school. Both are former dancers with the Op\u00e9ra de Paris and hold French state diplomas as dance teachers.<\/p>\n\n\n\n<p class=\"wp-block-paragraph\"><\/p>\n\n\n\n<p class=\"wp-block-paragraph\">\u201cReturning to the school where I took my first steps alongside my parents is like returning to my roots and a great honor for me. Together with Gr\u00e9gory, we want to start a new chapter that remains true to the school's heritage while looking to the future.\u201d<\/p>\n\n\n\n<p class=\"wp-block-paragraph\">\u2014 <em>Yannick Bittencourt<\/em><\/p>\n\n\n\n<p class=\"has-text-align-left has-text-color has-pontano-sans-font-family wp-block-paragraph\" style=\"color:#010101;margin-top:20px;margin-bottom:20px;font-size:clamp(14px, 0.875rem + ((1vw - 3.2px) * 0.455), 18px);font-style:normal;font-weight:400;line-height:1.5\">The founders <strong>S\u00f4nia Melo<\/strong> (back from New York) and <strong>Alfonso Bausilio<\/strong> will continue to teach and ensure direct transmission between generations and educational continuity.<\/p>\n<\/div>\n\n\n\n<div class=\"wp-block-column is-vertically-aligned-center is-layout-flow wp-block-column-is-layout-flow\" style=\"flex-basis:27%\">\n<figure class=\"wp-block-image aligncenter size-full is-resized has-custom-border\" style=\"margin-right:0;margin-left:0\"><img loading=\"lazy\" decoding=\"async\" width=\"1035\" height=\"790\" src=\"https:\/\/asballett.ch\/wp-content\/uploads\/2025\/08\/IMG_3881-edited.jpg\" alt=\"\" class=\"wp-image-498\" style=\"border-style:none;border-width:0px;aspect-ratio:0.75;object-fit:cover;width:400px\" srcset=\"https:\/\/asballett.ch\/wp-content\/uploads\/2025\/08\/IMG_3881-edited.jpg 1035w, https:\/\/asballett.ch\/wp-content\/uploads\/2025\/08\/IMG_3881-edited-300x229.jpg 300w, https:\/\/asballett.ch\/wp-content\/uploads\/2025\/08\/IMG_3881-edited-1024x782.jpg 1024w, https:\/\/asballett.ch\/wp-content\/uploads\/2025\/08\/IMG_3881-edited-768x586.jpg 768w\" sizes=\"(max-width: 1035px) 100vw, 1035px\" \/><figcaption class=\"wp-element-caption\">Yannick Bittencourt (Swanlake, Op\u00e9ra National de Paris)<\/figcaption><\/figure>\n<\/div>\n\n\n\n<div class=\"wp-block-column is-vertically-aligned-center is-layout-flow wp-block-column-is-layout-flow\" style=\"flex-basis:27%\">\n<figure class=\"wp-block-image aligncenter size-full is-resized\"><img loading=\"lazy\" decoding=\"async\" width=\"1440\" height=\"1447\" src=\"https:\/\/asballett.ch\/wp-content\/uploads\/2025\/08\/IMG_1485.jpg\" alt=\"\" class=\"wp-image-496\" style=\"aspect-ratio:0.75;object-fit:cover;width:400px\" srcset=\"https:\/\/asballett.ch\/wp-content\/uploads\/2025\/08\/IMG_1485.jpg 1440w, https:\/\/asballett.ch\/wp-content\/uploads\/2025\/08\/IMG_1485-300x300.jpg 300w, https:\/\/asballett.ch\/wp-content\/uploads\/2025\/08\/IMG_1485-1019x1024.jpg 1019w, https:\/\/asballett.ch\/wp-content\/uploads\/2025\/08\/IMG_1485-150x150.jpg 150w, https:\/\/asballett.ch\/wp-content\/uploads\/2025\/08\/IMG_1485-768x772.jpg 768w\" sizes=\"(max-width: 1440px) 100vw, 1440px\" \/><figcaption class=\"wp-element-caption\">Gr\u00e9gory Dominiak (Firebird, Op\u00e9ra National de Paris)<\/figcaption><\/figure>\n<\/div>\n<\/div>\n<\/section>\n\n\n\n<section class=\"wp-block-cover alignfull\" style=\"margin-top:0px;padding-top:1.01rem;padding-bottom:1.01rem;min-height:430px;aspect-ratio:unset;\"><img decoding=\"async\" class=\"wp-block-cover__image-background wp-image-2516\" alt=\"\" src=\"https:\/\/tyler.com\/wp-content\/uploads\/2023\/11\/Surf-About-4th-Cover-Image.jpeg\" style=\"object-position:50% 51%\" data-object-fit=\"cover\" data-object-position=\"50% 51%\"\/><span aria-hidden=\"true\" class=\"wp-block-cover__background has-background-dim-100 has-background-dim\" style=\"background-color:#ff0000\"><\/span><div class=\"wp-block-cover__inner-container has-global-padding is-layout-constrained wp-container-core-cover-is-layout-21381142 wp-block-cover-is-layout-constrained\">\n<div class=\"wp-block-group has-text-color is-layout-flow wp-block-group-is-layout-flow\" style=\"color:#fffffd;margin-top:0px;padding-top:0rem;padding-right:1rem;padding-bottom:0rem;padding-left:1rem;font-size:clamp(0.875rem, 0.875rem + ((1vw - 0.2rem) * 0.464), 1.13rem);font-style:normal;font-weight:400;line-height:1.4\">\n<div class=\"wp-block-group has-global-padding is-layout-constrained wp-container-core-group-is-layout-10ad5d60 wp-block-group-is-layout-constrained\">\n<p class=\"has-text-align-center has-text-color wp-block-paragraph\" style=\"color:#fffffd;margin-bottom:0rem;font-size:clamp(1.507rem, 1.507rem + ((1vw - 0.2rem) * 1.824), 2.51rem);font-style:normal;font-weight:400;line-height:1.2\">Our Mission<\/p>\n\n\n\n<p class=\"has-text-align-center has-text-color wp-block-paragraph\" style=\"color:#fffffd;margin-bottom:0rem;font-size:clamp(1.25rem, 1.25rem + ((1vw - 0.2rem) * 1.364), 2rem);font-style:normal;font-weight:400;line-height:1.2\">To convey the art of ballet in all its dimensions\u2014technical, artistic, human\u2014and to accompany each student on their own path.<\/p>\n<\/div>\n\n\n\n<div class=\"wp-block-group is-vertical is-content-justification-stretch is-layout-flex wp-container-core-group-is-layout-ba63c382 wp-block-group-is-layout-flex\" style=\"margin-top:1.81rem;padding-right:0px;padding-left:0px\">\n<div class=\"wp-block-group has-global-padding is-content-justification-center is-layout-constrained wp-container-core-group-is-layout-608af5cd wp-block-group-is-layout-constrained\" style=\"margin-top:0px\">\n<div class=\"wp-block-buttons is-horizontal is-content-justification-right is-layout-flex wp-container-core-buttons-is-layout-2c75f19a wp-block-buttons-is-layout-flex\" style=\"margin-top:0.51rem\">\n<div class=\"wp-block-button has-custom-width wp-block-button__width-100 is-style-fill\"><a class=\"wp-block-button__link has-text-color has-background has-custom-font-size wp-element-button\" href=\"https:\/\/asballett.ch\/en\/contact\/\" style=\"border-style:none;border-width:0px;border-radius:0.67rem;color:#ff0000;background-color:#ffffff;padding-top:0.71rem;padding-right:0.31rem;padding-bottom:0.71rem;padding-left:0.31rem;font-size:clamp(0.875rem, 0.875rem + ((1vw - 0.2rem) * 0.245), 1.01rem);font-style:normal;font-weight:600;line-height:1.5;text-transform:uppercase\">Contact<\/a><\/div>\n<\/div>\n<\/div>\n<\/div>\n<\/div>\n<\/div><\/section>\n\n\n\n<p class=\"wp-block-paragraph\"><\/p>","protected":false},"excerpt":{"rendered":"<p>Unsere Geschichte Gegr\u00fcndet 1996 in K\u00f6niz bei Bern von S\u00f4nia Melo und Alfonso Bausilio, basiert die AS Ballett Schule auf dem Erbe zweier K\u00fcnstler mit internationalen Laufbahnen, die von Exzellenz gepr\u00e4gt sind. S\u00f4nia Melo, ausgebildet in Brasilien, war Solistin beim S\u00e3o Paulo City Ballet, bei der Rio de Janeiro Ballet Company und am Grand Th\u00e9\u00e2tre [&hellip;]<\/p>\n","protected":false},"author":1,"featured_media":0,"parent":0,"menu_order":0,"comment_status":"closed","ping_status":"closed","template":"","meta":{"tpgb_global_settings":"","_lpp_custom_logo_id":144,"footnotes":""},"class_list":["post-12","page","type-page","status-publish","hentry"],"pbg_featured_image_src":{"full":false,"thumbnail":false,"medium":false,"medium_large":false,"large":false,"1536x1536":false,"2048x2048":false,"trp-custom-language-flag":false,"tp-image-grid":false},"pbg_author_info":{"display_name":"admin","author_link":"https:\/\/asballett.ch\/en\/author\/abausilio_menb1zkj\/","author_img":"<img alt='admin' src='https:\/\/secure.gravatar.com\/avatar\/747169f0d01490998f91f168e11a0bcfb6d346e6d0ad89bac202c34786a812f8?s=128&#038;d=mm&#038;r=g' srcset='https:\/\/secure.gravatar.com\/avatar\/747169f0d01490998f91f168e11a0bcfb6d346e6d0ad89bac202c34786a812f8?s=256&#038;d=mm&#038;r=g 2x' class='avatar avatar-128 photo' height='128' width='128' decoding='async'\/>"},"pbg_comment_info":" No Comments","pbg_excerpt":"Unsere Geschichte Gegr\u00fcndet 1996 in K\u00f6niz bei Bern von S\u00f4nia Melo und Alfonso Bausilio, basiert die AS Ballett Schule auf dem Erbe zweier K\u00fcnstler mit internationalen Laufbahnen, die von Exzellenz gepr\u00e4gt sind. S\u00f4nia Melo, ausgebildet in Brasilien, war Solistin beim S\u00e3o Paulo City Ballet, bei der Rio de Janeiro Ballet Company und am Grand Th\u00e9\u00e2tre&hellip;","tpgb_featured_images":null,"tpgb_post_meta_info":{"get_date":"August 5, 2025","get_modified_date":"August 29, 2025","author_name":"admin","author_url":"https:\/\/asballett.ch\/en\/author\/abausilio_menb1zkj\/","author_email":"a.bausilio@sunrise.ch","author_website":"https:\/\/asballett.ch","author_description":"","author_facebook":"","author_twitter":"","author_instagram":"","author_role":["administrator"],"author_firstname":"","author_lastname":"","user_login":"abausilio_menb1zkj","author_avatar":"<img alt='' src='https:\/\/secure.gravatar.com\/avatar\/747169f0d01490998f91f168e11a0bcfb6d346e6d0ad89bac202c34786a812f8?s=200&#038;d=mm&#038;r=g' srcset='https:\/\/secure.gravatar.com\/avatar\/747169f0d01490998f91f168e11a0bcfb6d346e6d0ad89bac202c34786a812f8?s=400&#038;d=mm&#038;r=g 2x' class='avatar avatar-200 photo' height='200' width='200' decoding='async'\/>","author_avatar_url":"https:\/\/secure.gravatar.com\/avatar\/747169f0d01490998f91f168e11a0bcfb6d346e6d0ad89bac202c34786a812f8?s=96&d=mm&r=g","comment_count":0,"post_likes":0,"post_views":0},"tpgb_post_category":[],"_links":{"self":[{"href":"https:\/\/asballett.ch\/en\/wp-json\/wp\/v2\/pages\/12","targetHints":{"allow":["GET"]}}],"collection":[{"href":"https:\/\/asballett.ch\/en\/wp-json\/wp\/v2\/pages"}],"about":[{"href":"https:\/\/asballett.ch\/en\/wp-json\/wp\/v2\/types\/page"}],"author":[{"embeddable":true,"href":"https:\/\/asballett.ch\/en\/wp-json\/wp\/v2\/users\/1"}],"replies":[{"embeddable":true,"href":"https:\/\/asballett.ch\/en\/wp-json\/wp\/v2\/comments?post=12"}],"version-history":[{"count":59,"href":"https:\/\/asballett.ch\/en\/wp-json\/wp\/v2\/pages\/12\/revisions"}],"predecessor-version":[{"id":750,"href":"https:\/\/asballett.ch\/en\/wp-json\/wp\/v2\/pages\/12\/revisions\/750"}],"wp:attachment":[{"href":"https:\/\/asballett.ch\/en\/wp-json\/wp\/v2\/media?parent=12"}],"curies":[{"name":"wp","href":"https:\/\/api.w.org\/{rel}","templated":true}]}}