{"id":585,"date":"2025-08-27T13:00:45","date_gmt":"2025-08-27T13:00:45","guid":{"rendered":"https:\/\/test.asballett.ch\/?page_id=585"},"modified":"2026-08-06T17:34:24","modified_gmt":"2026-08-06T15:34:24","slug":"kinderkurse","status":"publish","type":"page","link":"https:\/\/asballett.ch\/en\/kinderkurse\/","title":{"rendered":"Children's Courses"},"content":{"rendered":"<div class=\"wp-block-cover alignfull\" style=\"margin-top:0;margin-bottom:0;padding-top:0px;padding-bottom:80px;min-height:300px;aspect-ratio:unset;\"><img fetchpriority=\"high\" decoding=\"async\" width=\"1024\" height=\"576\" class=\"wp-block-cover__image-background wp-image-81 size-large\" alt=\"\" src=\"https:\/\/asballett.ch\/wp-content\/uploads\/2025\/08\/How-to-Build-a-Home-Ballet-Studio_-Tips-and-Recommendations-1024x576.jpg\" data-object-fit=\"cover\" srcset=\"https:\/\/asballett.ch\/wp-content\/uploads\/2025\/08\/How-to-Build-a-Home-Ballet-Studio_-Tips-and-Recommendations-1024x576.jpg 1024w, https:\/\/asballett.ch\/wp-content\/uploads\/2025\/08\/How-to-Build-a-Home-Ballet-Studio_-Tips-and-Recommendations-300x169.jpg 300w, https:\/\/asballett.ch\/wp-content\/uploads\/2025\/08\/How-to-Build-a-Home-Ballet-Studio_-Tips-and-Recommendations-768x432.jpg 768w, https:\/\/asballett.ch\/wp-content\/uploads\/2025\/08\/How-to-Build-a-Home-Ballet-Studio_-Tips-and-Recommendations-1536x864.jpg 1536w, https:\/\/asballett.ch\/wp-content\/uploads\/2025\/08\/How-to-Build-a-Home-Ballet-Studio_-Tips-and-Recommendations.jpg 1920w\" sizes=\"(max-width: 1024px) 100vw, 1024px\" \/><span aria-hidden=\"true\" class=\"wp-block-cover__background has-background-dim-100 has-background-dim\" style=\"background-color:#ff0000\"><\/span><div class=\"wp-block-cover__inner-container has-global-padding is-layout-constrained wp-container-core-cover-is-layout-dbdc9177 wp-block-cover-is-layout-constrained\">\n<div style=\"height:150px\" aria-hidden=\"true\" class=\"wp-block-spacer\"><\/div>\n\n\n\n<h1 class=\"wp-block-heading has-text-align-center has-text-color has-link-color has-suranna-font-family wp-elements-1\" style=\"color:#ffffff;font-size:clamp(38.682px, 2.418rem + ((1vw - 3.2px) * 3.786), 72px);font-style:normal;font-weight:500\">Children's Courses<\/h1>\n<\/div><\/div>\n\n\n\n<h6 class=\"wp-block-heading has-text-align-center alignwide\" style=\"margin-top:var(--wp--preset--spacing--60);line-height:1.6;text-transform:none\">At the AS Ballet School, we welcome children aged 3 and above to a structured, artistic, and progressive program. The aim is to awaken their body awareness, develop their physical motor skills and musicality, and teach them the basics of classical and contemporary dance in a rigorous but supportive environment.<\/h6>\n\n\n\n<h6 class=\"wp-block-heading has-text-align-center alignwide\" style=\"line-height:1.6;text-transform:none\">Our teaching methods, inspired by leading international schools, respect each student's individual pace and seek to develop each individual's potential, regardless of their level.<\/h6>\n\n\n\n<h6 class=\"wp-block-heading has-text-align-center alignwide\" style=\"padding-bottom:var(--wp--preset--spacing--50);text-transform:none\">Our courses are organized by age group and technical level to ensure tailored and progressive learning.<\/h6>\n\n\n\n<div class=\"wp-block-group alignfull has-global-padding is-layout-constrained wp-container-core-group-is-layout-e81939f5 wp-block-group-is-layout-constrained\" style=\"padding-right:var(--wp--preset--spacing--40);padding-left:var(--wp--preset--spacing--40)\">\n<div class=\"wp-block-group alignwide has-global-padding is-layout-constrained wp-container-core-group-is-layout-27639245 wp-block-group-is-layout-constrained\" style=\"margin-top:0;margin-bottom:0;padding-top:5px;padding-right:0rem;padding-bottom:5px;padding-left:0rem\">\n<div class=\"wp-block-columns is-layout-flex wp-container-core-columns-is-layout-416389ad wp-block-columns-is-layout-flex\" style=\"margin-top:0;margin-bottom:0;padding-top:0;padding-bottom:0\">\n<div class=\"wp-block-column is-vertically-aligned-center has-global-padding is-layout-constrained wp-block-column-is-layout-constrained\">\n<figure class=\"wp-block-image size-full is-resized\" style=\"margin-right:0;margin-left:0\"><img decoding=\"async\" width=\"2560\" height=\"1707\" src=\"https:\/\/asballett.ch\/wp-content\/uploads\/2025\/08\/DSC8989-1-scaled.jpg\" alt=\"\" class=\"wp-image-460\" style=\"aspect-ratio:4\/3;object-fit:cover;width:500px\" srcset=\"https:\/\/asballett.ch\/wp-content\/uploads\/2025\/08\/DSC8989-1-scaled.jpg 2560w, https:\/\/asballett.ch\/wp-content\/uploads\/2025\/08\/DSC8989-1-300x200.jpg 300w, https:\/\/asballett.ch\/wp-content\/uploads\/2025\/08\/DSC8989-1-1024x683.jpg 1024w, https:\/\/asballett.ch\/wp-content\/uploads\/2025\/08\/DSC8989-1-768x512.jpg 768w, https:\/\/asballett.ch\/wp-content\/uploads\/2025\/08\/DSC8989-1-1536x1024.jpg 1536w, https:\/\/asballett.ch\/wp-content\/uploads\/2025\/08\/DSC8989-1-2048x1365.jpg 2048w\" sizes=\"(max-width: 2560px) 100vw, 2560px\" \/><\/figure>\n<\/div>\n\n\n\n<div class=\"wp-block-column is-vertically-aligned-center has-global-padding is-layout-constrained wp-container-core-column-is-layout-44a49ef5 wp-block-column-is-layout-constrained\" style=\"padding-right:0;padding-left:0;font-size:clamp(14px, 0.875rem + ((1vw - 3.2px) * 0.227), 16px);\">\n<ul class=\"wp-block-list\">\n<li><b>\u00c9veil<\/b> <i>(ages 5\u20136)<\/i> - 2x 60-min classes per week<\/li>\n<\/ul>\n\n\n\n<p class=\"wp-block-paragraph\">First steps in the world of ballet. Development of posture, coordination, musical understanding, and physical expression. Introduction to group work and collective discipline in a supportive and playful atmosphere.<\/p>\n\n\n\n<ul class=\"wp-block-list\">\n<li><b>Pr\u00e9paratoire<\/b> <i>(ages 6-7)<\/i> - 2x 75-min classes per week<\/li>\n<\/ul>\n\n\n\n<p class=\"wp-block-paragraph\">Strengthening technical fundamentals: stability, mobility, posture, musicality. Deepening group work, introduction to the stage, and building self-confidence through movement.<\/p>\n<\/div>\n<\/div>\n<\/div>\n<\/div>\n\n\n\n<div class=\"wp-block-group alignfull has-global-padding is-layout-constrained wp-container-core-group-is-layout-e81939f5 wp-block-group-is-layout-constrained\" style=\"padding-right:var(--wp--preset--spacing--40);padding-left:var(--wp--preset--spacing--40)\">\n<div class=\"wp-block-group alignwide has-global-padding is-layout-constrained wp-container-core-group-is-layout-27639245 wp-block-group-is-layout-constrained\" style=\"margin-top:0;margin-bottom:0;padding-top:5px;padding-right:0rem;padding-bottom:5px;padding-left:0rem\">\n<div class=\"wp-block-columns is-layout-flex wp-container-core-columns-is-layout-416389ad wp-block-columns-is-layout-flex\" style=\"margin-top:0;margin-bottom:0;padding-top:0;padding-bottom:0\">\n<div class=\"wp-block-column is-vertically-aligned-center has-global-padding is-layout-constrained wp-container-core-column-is-layout-44a49ef5 wp-block-column-is-layout-constrained\" style=\"padding-right:0;padding-left:0;font-size:clamp(14px, 0.875rem + ((1vw - 3.2px) * 0.227), 16px);\">\n<ul class=\"wp-block-list\">\n<li><b>\u00c9l\u00e9mentaire<\/b> <i>(ages 8-9)<\/i> - 2x 75-min classes per week<\/li>\n<\/ul>\n\n\n\n<p class=\"wp-block-paragraph\">Consolidation of classical ballet: work on posture, lines, coordination, and interpretation. introduction to the stage and group dynamics. step-by-step preparation for point work (depending on individual learning progress).<\/p>\n\n\n\n<ul class=\"wp-block-list\">\n<li><strong>Interm\u00e9diaire<\/strong> <i>(ages 10\u201312)<\/i> - 3x 90-min classes per week<\/li>\n<\/ul>\n\n\n\n<p class=\"wp-block-paragraph\">Technical and artistic development. Depending on level, students begin pointe work and explore choreography, interpretation, musicality, and stage presence. Group work is intensified, with a sharper focus on precision and collective awareness.<\/p>\n<\/div>\n\n\n\n<div class=\"wp-block-column is-vertically-aligned-center has-global-padding is-layout-constrained wp-block-column-is-layout-constrained\">\n<figure class=\"wp-block-image alignright size-full is-resized\" style=\"margin-right:0;margin-left:0\"><img decoding=\"async\" width=\"2560\" height=\"1707\" src=\"https:\/\/asballett.ch\/wp-content\/uploads\/2025\/08\/DSC9089_1-scaled.jpg\" alt=\"\" class=\"wp-image-461\" style=\"aspect-ratio:1.3333333333333333;object-fit:cover;width:500px;height:auto\" srcset=\"https:\/\/asballett.ch\/wp-content\/uploads\/2025\/08\/DSC9089_1-scaled.jpg 2560w, https:\/\/asballett.ch\/wp-content\/uploads\/2025\/08\/DSC9089_1-300x200.jpg 300w, https:\/\/asballett.ch\/wp-content\/uploads\/2025\/08\/DSC9089_1-1024x683.jpg 1024w, https:\/\/asballett.ch\/wp-content\/uploads\/2025\/08\/DSC9089_1-768x512.jpg 768w, https:\/\/asballett.ch\/wp-content\/uploads\/2025\/08\/DSC9089_1-1536x1024.jpg 1536w, https:\/\/asballett.ch\/wp-content\/uploads\/2025\/08\/DSC9089_1-2048x1365.jpg 2048w\" sizes=\"(max-width: 2560px) 100vw, 2560px\" \/><\/figure>\n<\/div>\n<\/div>\n<\/div>\n<\/div>\n\n\n\n<div class=\"wp-block-group alignfull has-global-padding is-layout-constrained wp-container-core-group-is-layout-e81939f5 wp-block-group-is-layout-constrained\" style=\"padding-right:var(--wp--preset--spacing--40);padding-left:var(--wp--preset--spacing--40)\">\n<div class=\"wp-block-group alignwide has-global-padding is-layout-constrained wp-container-core-group-is-layout-27639245 wp-block-group-is-layout-constrained\" style=\"margin-top:0;margin-bottom:0;padding-top:5px;padding-right:0rem;padding-bottom:5px;padding-left:0rem\">\n<div class=\"wp-block-columns is-layout-flex wp-container-core-columns-is-layout-416389ad wp-block-columns-is-layout-flex\" style=\"margin-top:0;margin-bottom:0;padding-top:0;padding-bottom:0\">\n<div class=\"wp-block-column is-vertically-aligned-center has-global-padding is-layout-constrained wp-block-column-is-layout-constrained\">\n<figure class=\"wp-block-image size-full is-resized\" style=\"margin-right:0;margin-left:0\"><img loading=\"lazy\" decoding=\"async\" width=\"569\" height=\"378\" src=\"https:\/\/asballett.ch\/wp-content\/uploads\/2025\/08\/473821771_1524031901600127_2239001042436324420_n-edited.jpeg\" alt=\"\" class=\"wp-image-464\" style=\"width:500px\" srcset=\"https:\/\/asballett.ch\/wp-content\/uploads\/2025\/08\/473821771_1524031901600127_2239001042436324420_n-edited.jpeg 569w, https:\/\/asballett.ch\/wp-content\/uploads\/2025\/08\/473821771_1524031901600127_2239001042436324420_n-edited-300x199.jpeg 300w\" sizes=\"(max-width: 569px) 100vw, 569px\" \/><\/figure>\n<\/div>\n\n\n\n<div class=\"wp-block-column is-vertically-aligned-center has-global-padding is-layout-constrained wp-container-core-column-is-layout-44a49ef5 wp-block-column-is-layout-constrained\" style=\"padding-right:0;padding-left:0;font-size:clamp(14px, 0.875rem + ((1vw - 3.2px) * 0.227), 16px);\">\n<ul class=\"wp-block-list\">\n<li><strong>\u00c9tude<\/strong> <i>(ages 12-15)<\/i> - 3x 90-min classes per week<\/li>\n<\/ul>\n\n\n\n<p class=\"wp-block-paragraph\">Refinement of classical technique, regularity of work on pointe shoes. Development of artistic independence, sensitivity, and stage awareness. Interpretation in an ensemble and introduction to the repertoire.<\/p>\n\n\n\n<ul class=\"wp-block-list\">\n<li><b>Avanc\u00e9<\/b> <i>(from age 15)<\/i> - 3x-6x 90-min classes per week<\/li>\n<\/ul>\n\n\n\n<p class=\"wp-block-paragraph\">Mastery of classical ballet. In-depth work on pointe shoes, solos, interpretation, and preparation for competitions, auditions, and exams. Students refine their artistic uniqueness and stage presence.<\/p>\n<\/div>\n<\/div>\n<\/div>\n<\/div>\n\n\n\n<div class=\"wp-block-group alignfull has-global-padding is-layout-constrained wp-container-core-group-is-layout-e81939f5 wp-block-group-is-layout-constrained\" style=\"padding-right:var(--wp--preset--spacing--40);padding-left:var(--wp--preset--spacing--40)\">\n<div class=\"wp-block-group alignwide has-global-padding is-layout-constrained wp-container-core-group-is-layout-27639245 wp-block-group-is-layout-constrained\" style=\"margin-top:0;margin-bottom:0;padding-top:5px;padding-right:0rem;padding-bottom:5px;padding-left:0rem\">\n<div class=\"wp-block-columns is-layout-flex wp-container-core-columns-is-layout-416389ad wp-block-columns-is-layout-flex\" style=\"margin-top:0;margin-bottom:0;padding-top:0;padding-bottom:0\">\n<div class=\"wp-block-column is-vertically-aligned-center has-global-padding is-layout-constrained wp-container-core-column-is-layout-44a49ef5 wp-block-column-is-layout-constrained\" style=\"padding-right:0;padding-left:0;font-size:clamp(14px, 0.875rem + ((1vw - 3.2px) * 0.227), 16px);\">\n<ul class=\"wp-block-list\">\n<li><strong>Jazz Dance<\/strong> <i>(from age 10)<\/i> - 1x 75-min class per week<\/li>\n<\/ul>\n\n\n\n<p class=\"has-text-color has-link-color has-pontano-sans-font-family wp-elements-2 wp-block-paragraph\" style=\"color:#000000;font-size:clamp(14px, 0.875rem + ((1vw - 3.2px) * 0.227), 16px);\">Work on dynamics, rhythm, coordination, isolations, and expression. This class complements classical ballet training and combines precise technique with energetic movement and varied choreography.<\/p>\n<\/div>\n\n\n\n<div class=\"wp-block-column is-vertically-aligned-center has-global-padding is-content-justification-right is-layout-constrained wp-container-core-column-is-layout-a7c7fbcf wp-block-column-is-layout-constrained\">\n<figure class=\"wp-block-image alignright size-full is-resized\" style=\"margin-right:0;margin-left:0\"><img loading=\"lazy\" decoding=\"async\" width=\"840\" height=\"672\" src=\"https:\/\/asballett.ch\/wp-content\/uploads\/2025\/08\/IMG_0323_web.jpg\" alt=\"\" class=\"wp-image-465\" style=\"aspect-ratio:1.5;object-fit:cover;width:500px;height:auto\" srcset=\"https:\/\/asballett.ch\/wp-content\/uploads\/2025\/08\/IMG_0323_web.jpg 840w, https:\/\/asballett.ch\/wp-content\/uploads\/2025\/08\/IMG_0323_web-300x240.jpg 300w, https:\/\/asballett.ch\/wp-content\/uploads\/2025\/08\/IMG_0323_web-768x614.jpg 768w\" sizes=\"(max-width: 840px) 100vw, 840px\" \/><\/figure>\n<\/div>\n<\/div>\n<\/div>\n<\/div>\n\n\n\n<div class=\"wp-block-group alignfull has-global-padding is-layout-constrained wp-container-core-group-is-layout-e81939f5 wp-block-group-is-layout-constrained\" style=\"padding-right:var(--wp--preset--spacing--40);padding-left:var(--wp--preset--spacing--40)\">\n<div class=\"wp-block-group alignwide has-background has-global-padding is-layout-constrained wp-container-core-group-is-layout-27639245 wp-block-group-is-layout-constrained\" style=\"background-color:#ff0000;margin-top:0;margin-bottom:0;padding-top:5px;padding-right:0rem;padding-bottom:5px;padding-left:0rem\">\n<h3 class=\"wp-block-heading has-text-align-center has-text-color has-suranna-font-family\" style=\"color:#ffffff;margin-top:0.5rem;margin-bottom:0rem;font-size:clamp(24.034px, 1.502rem + ((1vw - 3.2px) * 1.814), 40px);font-style:normal;font-weight:500;letter-spacing:0px;line-height:1.3\">A comprehensive and lively education<\/h3>\n\n\n\n<hr class=\"wp-block-separator aligncenter has-text-color has-alpha-channel-opacity has-background\" style=\"background-color:#ffffff;color:#ffffff\"\/>\n\n\n\n<p class=\"has-text-align-center has-text-color has-link-color has-pontano-sans-font-family wp-elements-3 wp-block-paragraph\" style=\"color:#ffffff;font-size:clamp(14px, 0.875rem + ((1vw - 3.2px) * 0.455), 18px);\">Throughout the year, students have the opportunity to gain a wide range of artistic experiences through:<\/p>\n\n\n\n<ul style=\"color:#ffffff;margin-left:var(--wp--preset--spacing--80);padding-top:var(--wp--preset--spacing--50);padding-right:0;padding-bottom:var(--wp--preset--spacing--50);padding-left:var(--wp--preset--spacing--80);line-height:1.9\" class=\"wp-block-list has-text-color has-link-color wp-elements-4\">\n<li class=\"has-text-color has-link-color wp-elements-5\" style=\"color:#ffffff\">Annual performances in various theaters in Bern and the surrounding area<\/li>\n\n\n\n<li class=\"has-text-color has-link-color wp-elements-6\" style=\"color:#ffffff\">International competitions that are carefully prepared and supervised<\/li>\n\n\n\n<li class=\"has-text-color has-link-color wp-elements-7\" style=\"color:#ffffff\">Intensive courses during school vacations with guest teachers<\/li>\n\n\n\n<li class=\"has-text-color has-link-color wp-elements-8\" style=\"color:#ffffff\">An annual exam that is evaluated by an invited jury of experts from renowned institutions.<\/li>\n<\/ul>\n<\/div>\n<\/div>\n\n\n\n<div class=\"wp-block-group alignfull has-global-padding is-layout-constrained wp-container-core-group-is-layout-865735ac wp-block-group-is-layout-constrained\" style=\"padding-right:var(--wp--preset--spacing--40);padding-bottom:var(--wp--preset--spacing--40);padding-left:var(--wp--preset--spacing--40)\">\n<div class=\"wp-block-group alignwide has-global-padding is-layout-constrained wp-container-core-group-is-layout-27639245 wp-block-group-is-layout-constrained\" style=\"margin-top:0;margin-bottom:0;padding-top:5px;padding-right:0rem;padding-bottom:5px;padding-left:0rem\">\n<div class=\"wp-block-columns is-layout-flex wp-container-core-columns-is-layout-416389ad wp-block-columns-is-layout-flex\" style=\"margin-top:0;margin-bottom:0;padding-top:0;padding-bottom:0\">\n<div class=\"wp-block-column is-vertically-aligned-center has-global-padding is-layout-constrained wp-block-column-is-layout-constrained\">\n<figure class=\"wp-block-image size-full is-resized\" style=\"margin-right:0;margin-left:0\"><img loading=\"lazy\" decoding=\"async\" width=\"1707\" height=\"2560\" src=\"https:\/\/asballett.ch\/wp-content\/uploads\/2025\/08\/DSC9442_1-scaled.jpg\" alt=\"\" class=\"wp-image-467\" style=\"aspect-ratio:3\/4;object-fit:cover;width:500px\" srcset=\"https:\/\/asballett.ch\/wp-content\/uploads\/2025\/08\/DSC9442_1-scaled.jpg 1707w, https:\/\/asballett.ch\/wp-content\/uploads\/2025\/08\/DSC9442_1-200x300.jpg 200w, https:\/\/asballett.ch\/wp-content\/uploads\/2025\/08\/DSC9442_1-683x1024.jpg 683w, https:\/\/asballett.ch\/wp-content\/uploads\/2025\/08\/DSC9442_1-768x1152.jpg 768w, https:\/\/asballett.ch\/wp-content\/uploads\/2025\/08\/DSC9442_1-1024x1536.jpg 1024w, https:\/\/asballett.ch\/wp-content\/uploads\/2025\/08\/DSC9442_1-1366x2048.jpg 1366w\" sizes=\"(max-width: 1707px) 100vw, 1707px\" \/><\/figure>\n<\/div>\n\n\n\n<div class=\"wp-block-column is-vertically-aligned-center has-global-padding is-layout-constrained wp-container-core-column-is-layout-44a49ef5 wp-block-column-is-layout-constrained\" style=\"padding-right:0;padding-left:0;font-size:clamp(14px, 0.875rem + ((1vw - 3.2px) * 0.227), 16px);\">\n<h3 class=\"wp-block-heading has-text-align-left has-text-color has-suranna-font-family\" style=\"color:#000000;margin-top:0.5rem;margin-bottom:0rem;font-size:clamp(24.034px, 1.502rem + ((1vw - 3.2px) * 1.814), 40px);font-style:normal;font-weight:500;letter-spacing:0px;line-height:1.3\">Professional and supportive accompaniment<\/h3>\n\n\n\n<hr class=\"wp-block-separator has-alpha-channel-opacity\"\/>\n\n\n\n<p class=\"has-text-color has-link-color has-pontano-sans-font-family wp-elements-9 wp-block-paragraph\" style=\"color:#000000;font-size:clamp(14px, 0.875rem + ((1vw - 3.2px) * 0.455), 18px);\">All courses are taught by certified, experienced teachers from the professional world. We support each student in an atmosphere of respect, benevolent discipline, and self-confidence.<br><\/p>\n\n\n\n<h2 class=\"wp-block-heading has-text-color has-link-color wp-elements-10\" style=\"color:#000000;font-size:clamp(14px, 0.875rem + ((1vw - 3.2px) * 0.455), 18px);\"><strong>Trial lesson: 15 CHF<\/strong><\/h2>\n\n\n\n<p class=\"wp-block-paragraph\"> (deductible upon registration).<\/p>\n\n\n\n<p class=\"wp-block-paragraph\">We will be happy to advise you on finding the most suitable level and time schedule for you.<\/p>\n\n\n\n<p class=\"wp-block-paragraph\"><\/p>\n\n\n\n<div class=\"wp-block-buttons is-horizontal is-content-justification-left is-layout-flex wp-container-core-buttons-is-layout-584e038f wp-block-buttons-is-layout-flex\" style=\"margin-top:20px\">\n<div class=\"wp-block-button has-custom-width wp-block-button__width-50 is-style-fill\"><a class=\"wp-block-button__link has-text-color has-background has-pontano-sans-font-family has-custom-font-size wp-element-button\" href=\"https:\/\/www.sportsnow.ch\/go\/as-ballett-gmbh\" style=\"border-style:none;border-width:0px;border-radius:0.93rem;color:#fffffd;background-color:#ff0000;padding-top:0.71rem;padding-right:0.31rem;padding-bottom:0.71rem;padding-left:0.31rem;font-size:clamp(0.875rem, 0.875rem + ((1vw - 0.2rem) * 0.245), 1.01rem);font-style:normal;font-weight:600;letter-spacing:1px;line-height:1.5;text-transform:uppercase\">trial lesson<\/a><\/div>\n<\/div>\n<\/div>\n<\/div>\n<\/div>\n<\/div>\n\n\n\n<section class=\"wp-block-cover alignfull\" style=\"margin-top:0px;padding-top:1.01rem;padding-bottom:1.01rem;min-height:430px;aspect-ratio:unset;\"><img decoding=\"async\" class=\"wp-block-cover__image-background wp-image-2516\" alt=\"\" src=\"https:\/\/tyler.com\/wp-content\/uploads\/2023\/11\/Surf-About-4th-Cover-Image.jpeg\" style=\"object-position:50% 51%\" data-object-fit=\"cover\" data-object-position=\"50% 51%\"\/><span aria-hidden=\"true\" class=\"wp-block-cover__background has-background-dim-100 has-background-dim\" style=\"background-color:#ff0000\"><\/span><div class=\"wp-block-cover__inner-container has-global-padding is-layout-constrained wp-container-core-cover-is-layout-21381142 wp-block-cover-is-layout-constrained\">\n<div class=\"wp-block-group has-text-color is-layout-flow wp-block-group-is-layout-flow\" style=\"color:#fffffd;margin-top:0px;padding-top:0rem;padding-right:1rem;padding-bottom:0rem;padding-left:1rem;font-size:clamp(0.875rem, 0.875rem + ((1vw - 0.2rem) * 0.464), 1.13rem);font-style:normal;font-weight:400;line-height:1.4\">\n<div class=\"wp-block-group has-global-padding is-layout-constrained wp-container-core-group-is-layout-10ad5d60 wp-block-group-is-layout-constrained\">\n<p class=\"has-text-align-center has-text-color wp-block-paragraph\" style=\"color:#fffffd;margin-bottom:0rem;font-size:clamp(1.507rem, 1.507rem + ((1vw - 0.2rem) * 1.824), 2.51rem);font-style:normal;font-weight:400;line-height:1.2\">High-quality training, an inspiring environment, and the joy of learning dance.<\/p>\n<\/div>\n\n\n\n<div class=\"wp-block-group is-vertical is-content-justification-stretch is-layout-flex wp-container-core-group-is-layout-ba63c382 wp-block-group-is-layout-flex\" style=\"margin-top:1.81rem;padding-right:0px;padding-left:0px\">\n<div class=\"wp-block-group has-global-padding is-content-justification-center is-layout-constrained wp-container-core-group-is-layout-608af5cd wp-block-group-is-layout-constrained\" style=\"margin-top:0px\">\n<div class=\"wp-block-buttons is-horizontal is-content-justification-right is-layout-flex wp-container-core-buttons-is-layout-2c75f19a wp-block-buttons-is-layout-flex\" style=\"margin-top:0.51rem\">\n<div class=\"wp-block-button has-custom-width wp-block-button__width-100 is-style-fill\"><a class=\"wp-block-button__link has-text-color has-background has-custom-font-size wp-element-button\" href=\"https:\/\/asballett.ch\/en\/contact\/\" style=\"border-style:none;border-width:0px;border-radius:0.93rem;color:#ff0000;background-color:#fefefe;padding-top:0.71rem;padding-right:0.31rem;padding-bottom:0.71rem;padding-left:0.31rem;font-size:clamp(0.875rem, 0.875rem + ((1vw - 0.2rem) * 0.245), 1.01rem);font-style:normal;font-weight:600;line-height:1.5;text-transform:uppercase\">Contact<\/a><\/div>\n<\/div>\n<\/div>\n<\/div>\n<\/div>\n<\/div><\/section>\n\n\n\n<p class=\"wp-block-paragraph\"><\/p>","protected":false},"excerpt":{"rendered":"<p>An der AS Ballett Schule begr\u00fc\u00dfen wir Kinder ab 3 Jahren in einem strukturierten, k\u00fcnstlerischen und progressiven Kurs. Das Ziel: ihre K\u00f6rperwahrnehmung zu wecken, ihre k\u00f6rperliche Motorik und Musikalit\u00e4t zu entwickeln und ihnen die Grundlagen des klassischen und zeitgen\u00f6ssischen Tanzes zu vermitteln \u2013 in einem anspruchsvollen, aber wohlwollenden Umfeld. Unsere P\u00e4dagogik, die von den gro\u00dfen [&hellip;]<\/p>\n","protected":false},"author":1,"featured_media":0,"parent":0,"menu_order":0,"comment_status":"closed","ping_status":"closed","template":"","meta":{"tpgb_global_settings":"","_lpp_custom_logo_id":144,"footnotes":""},"class_list":["post-585","page","type-page","status-publish","hentry"],"pbg_featured_image_src":{"full":false,"thumbnail":false,"medium":false,"medium_large":false,"large":false,"1536x1536":false,"2048x2048":false,"trp-custom-language-flag":false,"tp-image-grid":false},"pbg_author_info":{"display_name":"admin","author_link":"https:\/\/asballett.ch\/en\/author\/abausilio_menb1zkj\/","author_img":"<img alt='admin' src='https:\/\/secure.gravatar.com\/avatar\/747169f0d01490998f91f168e11a0bcfb6d346e6d0ad89bac202c34786a812f8?s=128&#038;d=mm&#038;r=g' srcset='https:\/\/secure.gravatar.com\/avatar\/747169f0d01490998f91f168e11a0bcfb6d346e6d0ad89bac202c34786a812f8?s=256&#038;d=mm&#038;r=g 2x' class='avatar avatar-128 photo' height='128' width='128' decoding='async'\/>"},"pbg_comment_info":" No Comments","pbg_excerpt":"An der AS Ballett Schule begr\u00fc\u00dfen wir Kinder ab 3 Jahren in einem strukturierten, k\u00fcnstlerischen und progressiven Kurs. Das Ziel: ihre K\u00f6rperwahrnehmung zu wecken, ihre k\u00f6rperliche Motorik und Musikalit\u00e4t zu entwickeln und ihnen die Grundlagen des klassischen und zeitgen\u00f6ssischen Tanzes zu vermitteln \u2013 in einem anspruchsvollen, aber wohlwollenden Umfeld. Unsere P\u00e4dagogik, die von den gro\u00dfen&hellip;","tpgb_featured_images":null,"tpgb_post_meta_info":{"get_date":"August 27, 2025","get_modified_date":"August 6, 2026","author_name":"admin","author_url":"https:\/\/asballett.ch\/en\/author\/abausilio_menb1zkj\/","author_email":"a.bausilio@sunrise.ch","author_website":"https:\/\/asballett.ch","author_description":"","author_facebook":"","author_twitter":"","author_instagram":"","author_role":["administrator"],"author_firstname":"","author_lastname":"","user_login":"abausilio_menb1zkj","author_avatar":"<img alt='' src='https:\/\/secure.gravatar.com\/avatar\/747169f0d01490998f91f168e11a0bcfb6d346e6d0ad89bac202c34786a812f8?s=200&#038;d=mm&#038;r=g' srcset='https:\/\/secure.gravatar.com\/avatar\/747169f0d01490998f91f168e11a0bcfb6d346e6d0ad89bac202c34786a812f8?s=400&#038;d=mm&#038;r=g 2x' class='avatar avatar-200 photo' height='200' width='200' decoding='async'\/>","author_avatar_url":"https:\/\/secure.gravatar.com\/avatar\/747169f0d01490998f91f168e11a0bcfb6d346e6d0ad89bac202c34786a812f8?s=96&d=mm&r=g","comment_count":0,"post_likes":0,"post_views":0},"tpgb_post_category":[],"_links":{"self":[{"href":"https:\/\/asballett.ch\/en\/wp-json\/wp\/v2\/pages\/585","targetHints":{"allow":["GET"]}}],"collection":[{"href":"https:\/\/asballett.ch\/en\/wp-json\/wp\/v2\/pages"}],"about":[{"href":"https:\/\/asballett.ch\/en\/wp-json\/wp\/v2\/types\/page"}],"author":[{"embeddable":true,"href":"https:\/\/asballett.ch\/en\/wp-json\/wp\/v2\/users\/1"}],"replies":[{"embeddable":true,"href":"https:\/\/asballett.ch\/en\/wp-json\/wp\/v2\/comments?post=585"}],"version-history":[{"count":14,"href":"https:\/\/asballett.ch\/en\/wp-json\/wp\/v2\/pages\/585\/revisions"}],"predecessor-version":[{"id":1208,"href":"https:\/\/asballett.ch\/en\/wp-json\/wp\/v2\/pages\/585\/revisions\/1208"}],"wp:attachment":[{"href":"https:\/\/asballett.ch\/en\/wp-json\/wp\/v2\/media?parent=585"}],"curies":[{"name":"wp","href":"https:\/\/api.w.org\/{rel}","templated":true}]}}