{"id":593,"date":"2025-08-27T16:08:13","date_gmt":"2025-08-27T16:08:13","guid":{"rendered":"https:\/\/test.asballett.ch\/?page_id=593"},"modified":"2026-06-29T10:20:16","modified_gmt":"2026-06-29T08:20:16","slug":"unser-team","status":"publish","type":"page","link":"https:\/\/asballett.ch\/en\/unser-team\/","title":{"rendered":"Our Team"},"content":{"rendered":"<div class=\"wp-block-cover alignfull\" style=\"margin-top:0;margin-bottom:0;padding-top:0px;padding-bottom:80px;min-height:300px;aspect-ratio:unset;\"><img decoding=\"async\" class=\"wp-block-cover__image-background wp-image-4206\" alt=\"\" src=\"https:\/\/tyler.com\/wp-content\/uploads\/2023\/12\/surf-banner1.jpg\" style=\"object-position:100% 50%\" data-object-fit=\"cover\" data-object-position=\"100% 50%\"\/><span aria-hidden=\"true\" class=\"wp-block-cover__background has-background-dim-100 has-background-dim\" style=\"background-color:#ff0000\"><\/span><div class=\"wp-block-cover__inner-container has-global-padding is-layout-constrained wp-container-core-cover-is-layout-dbdc9177 wp-block-cover-is-layout-constrained\">\n<div style=\"height:150px\" aria-hidden=\"true\" class=\"wp-block-spacer\"><\/div>\n\n\n\n<h1 class=\"wp-block-heading has-text-align-center has-text-color has-link-color has-suranna-font-family wp-elements-1\" style=\"color:#ffffff;font-size:clamp(38.682px, 2.418rem + ((1vw - 3.2px) * 3.786), 72px);font-style:normal;font-weight:500\">Our Team<\/h1>\n<\/div><\/div>\n\n\n\n<div class=\"wp-block-group alignfull has-global-padding is-layout-constrained wp-container-core-group-is-layout-d95bb2b1 wp-block-group-is-layout-constrained\">\n<div class=\"wp-block-group alignwide has-global-padding is-layout-constrained wp-container-core-group-is-layout-acdc5783 wp-block-group-is-layout-constrained\" style=\"margin-top:0px;margin-bottom:0px;padding-top:80px;padding-bottom:80px\">\n<div class=\"wp-block-columns is-layout-flex wp-container-core-columns-is-layout-c7e1c938 wp-block-columns-is-layout-flex\">\n<div class=\"wp-block-column is-layout-flow wp-container-core-column-is-layout-e66cdeb6 wp-block-column-is-layout-flow\">\n<figure class=\"wp-block-image aligncenter size-full is-resized has-custom-border is-style-rounded\" style=\"margin-top:0\"><img fetchpriority=\"high\" decoding=\"async\" width=\"2487\" height=\"2560\" src=\"https:\/\/asballett.ch\/wp-content\/uploads\/2025\/08\/DSC8870_1-edited-scaled.jpg\" alt=\"\" class=\"wp-image-507\" style=\"border-width:1px;aspect-ratio:1;object-fit:cover;width:350px\" srcset=\"https:\/\/asballett.ch\/wp-content\/uploads\/2025\/08\/DSC8870_1-edited-scaled.jpg 2487w, https:\/\/asballett.ch\/wp-content\/uploads\/2025\/08\/DSC8870_1-edited-291x300.jpg 291w, https:\/\/asballett.ch\/wp-content\/uploads\/2025\/08\/DSC8870_1-edited-995x1024.jpg 995w, https:\/\/asballett.ch\/wp-content\/uploads\/2025\/08\/DSC8870_1-edited-768x791.jpg 768w, https:\/\/asballett.ch\/wp-content\/uploads\/2025\/08\/DSC8870_1-edited-1492x1536.jpg 1492w, https:\/\/asballett.ch\/wp-content\/uploads\/2025\/08\/DSC8870_1-edited-1989x2048.jpg 1989w\" sizes=\"(max-width: 2487px) 100vw, 2487px\" \/><\/figure>\n\n\n\n<div style=\"height:20px\" aria-hidden=\"true\" class=\"wp-block-spacer\"><\/div>\n\n\n\n<div style=\"height:10px\" aria-hidden=\"true\" class=\"wp-block-spacer\"><\/div>\n\n\n\n<h2 class=\"wp-block-heading has-text-align-center has-text-color has-link-color has-suranna-font-family wp-elements-2\" style=\"color:#000000;font-size:clamp(19.481px, 1.218rem + ((1vw - 3.2px) * 1.309), 31px);font-style:normal;font-weight:500;line-height:1.7\">S\u00f4nia Melo<\/h2>\n\n\n\n<p class=\"has-text-align-left has-text-color has-link-color has-pontano-sans-font-family wp-elements-3 wp-block-paragraph\" style=\"color:#888888;font-size:clamp(14px, 0.875rem + ((1vw - 3.2px) * 0.227), 16px);font-style:normal;font-weight:700;letter-spacing:1px\">Born in S\u00e3o Paulo, Brazil, S\u00f4nia Melo received extensive classical ballet training. Although the Royal Academy of Dance (RAD) syllabus formed a central part of her education, her training encompassed a broad range of techniques and approaches. She was among the candidates who took part in the first RAD Solo Seal examination held in Brazil, earning the prestigious Solo Seal qualification.\nShe danced with the Rio de Janeiro Ballet Company alongside renowned artists such as Desmond Doyle, Fernando Bujones and Wilfride Piollet, and later joined Ballet Contraste, where she worked with Carla Perotti, Yelle Bittencourt and Alexander Minz of American Ballet Theatre. Further engagements took her to the S\u00e3o Paulo City Ballet and, in 1982, to the Grand Th\u00e9\u00e2tre de Gen\u00e8ve under the direction of Oscar Araiz.\n\nIn 1980, she received the \u201cDancer of the Year\u201d Critics\u2019 Award from the S\u00e3o Paulo Association of Art Critics (Associa\u00e7\u00e3o Paulista de Cr\u00edticos de Arte \u2013 APCA).\nThroughout her career, she broadened her artistic range through modern dance, studying with Clive Thompson of the Alvin Ailey American Dance Theater, Yoshi Morimoto, Noemi Lapzeson and Paola Lensi; jazz dance with Lennie Dale and Matt Mattox; and conditioning and aerobics with Karen Voight, David A. J. Green, Rog Glick, Marvin Thornton, Madonna Grimes and Jeff Vandiver.\nFrom 1983 to 1995, she was a member of the Stadttheater Bern, where she worked with Riccardo Duse, Reda Sheta, McKim, Bruce Steivel, Fran\u00e7ois Klaus and Martin Schl\u00e4pfer. During this period, she also created choreography for young performers in productions including *Oliver Twist*, *Zobeide* and Alban Berg\u2019s opera *Lulu*.\nIn 1996, together with Alfonso Bausilio, she founded the AS Ballett Schule in Boll, near Bern.<strong>).<\/strong>&nbsp;She is a member of Swiss Dance Teachers (SDT).<\/p>\n<\/div>\n\n\n\n<div class=\"wp-block-column is-layout-flow wp-container-core-column-is-layout-e66cdeb6 wp-block-column-is-layout-flow\">\n<figure class=\"wp-block-image aligncenter size-full is-resized has-custom-border is-style-rounded\"><img decoding=\"async\" width=\"159\" height=\"210\" src=\"https:\/\/asballett.ch\/wp-content\/uploads\/2025\/08\/9c8r5iLDamc9FediU-TPAf.jpg\" alt=\"\" class=\"wp-image-473\" style=\"border-width:1px;aspect-ratio:1;object-fit:cover;width:350px\"\/><\/figure>\n\n\n\n<div style=\"height:20px\" aria-hidden=\"true\" class=\"wp-block-spacer\"><\/div>\n\n\n\n<div style=\"height:10px\" aria-hidden=\"true\" class=\"wp-block-spacer\"><\/div>\n\n\n\n<h2 class=\"wp-block-heading has-text-align-center has-text-color has-link-color has-suranna-font-family wp-elements-4\" style=\"color:#000000;font-size:clamp(19.481px, 1.218rem + ((1vw - 3.2px) * 1.309), 31px);font-style:normal;font-weight:500;line-height:1.7\">Alfonso Bausilio<\/h2>\n\n\n\n<p class=\"has-text-align-left has-text-color has-link-color has-pontano-sans-font-family wp-elements-5 wp-block-paragraph\" style=\"color:#888888;font-size:clamp(14px, 0.875rem + ((1vw - 3.2px) * 0.227), 16px);font-style:normal;font-weight:700;letter-spacing:1px\">Born in Naples, Italy, Alfonso Bausilio trained at the Lyceum in Naples with Mara Fusco. He made his stage debut in 1979 at Teatro La Fenice (Venice) alongside Carla Fracci under Beppe Menegatti; engagements followed at the Teatro Comunale in Bologna and the Arena di Verona under Roberto Fascilla, again in collaboration with Menegatti. He then joined the Teatro Comunale in Florence under Eugene Polyakov, sharing the stage with Rudolf Nureyev and Patrick Dupond. From 1983 to 1985 he was a soloist with the Ballet Royal de Wallonie (Charleroi), directed by Jorge Lefebre and Menia Martinez, performing alongside \u00c9toile Paolo Bortoluzzi. He subsequently danced as a soloist at the Teatro dell\u2019Opera di Roma and, from 1985 to 1987, with the Israel Ballet (Tel Aviv) under Berta Yampolski and Hillel Markman. He also pursued cross-training in aerobics\/conditioning with Karen Voight, David Aj Green, Rog Glick, Marvin Thornton, Madonna Grimes, and Jeff Vandiver. From 1987 to 1996 he was engaged at the Stadttheater Bern, working with Riccardo Duse, Reda Sheta, McKim, Bruce Steivel, Fran\u00e7ois Klaus, and Martin Schl\u00e4pfer, and creating a choreographic adaptation of A Clockwork Orange. In 1996 he co-founded AS Ballett Schule in Boll (Bern) with his wife, S\u00f4nia Melo. A member of SDT (Swiss Dance Teachers), he completed the American Ballet Theatre\u2019s ABT National Training Curriculum (Intensive) in 2012.<\/p>\n\n\n\n<p class=\"has-text-align-left has-text-color has-link-color has-pontano-sans-font-family wp-elements-6 wp-block-paragraph\" style=\"color:#888888;font-size:clamp(14px, 0.875rem + ((1vw - 3.2px) * 0.227), 16px);font-style:normal;font-weight:700;letter-spacing:1px\"><\/p>\n<\/div>\n<\/div>\n<\/div>\n\n\n\n<div class=\"wp-block-group alignwide has-global-padding is-layout-constrained wp-container-core-group-is-layout-acdc5783 wp-block-group-is-layout-constrained\" style=\"margin-top:0px;margin-bottom:0px;padding-top:80px;padding-bottom:80px\">\n<div class=\"wp-block-columns is-layout-flex wp-container-core-columns-is-layout-c7e1c938 wp-block-columns-is-layout-flex\">\n<div class=\"wp-block-column is-layout-flow wp-container-core-column-is-layout-e66cdeb6 wp-block-column-is-layout-flow\">\n<figure class=\"wp-block-image aligncenter size-full is-resized has-custom-border is-style-rounded\"><img decoding=\"async\" width=\"472\" height=\"564\" src=\"https:\/\/asballett.ch\/wp-content\/uploads\/2025\/08\/IMG_3375.jpg\" alt=\"\" class=\"wp-image-476\" style=\"border-width:1px;aspect-ratio:1;object-fit:cover;width:350px\" srcset=\"https:\/\/asballett.ch\/wp-content\/uploads\/2025\/08\/IMG_3375.jpg 472w, https:\/\/asballett.ch\/wp-content\/uploads\/2025\/08\/IMG_3375-251x300.jpg 251w\" sizes=\"(max-width: 472px) 100vw, 472px\" \/><\/figure>\n\n\n\n<div style=\"height:20px\" aria-hidden=\"true\" class=\"wp-block-spacer\"><\/div>\n\n\n\n<div style=\"height:10px\" aria-hidden=\"true\" class=\"wp-block-spacer\"><\/div>\n\n\n\n<h2 class=\"wp-block-heading has-text-align-center has-text-color has-link-color has-suranna-font-family wp-elements-7\" style=\"color:#000000;font-size:clamp(19.481px, 1.218rem + ((1vw - 3.2px) * 1.309), 31px);font-style:normal;font-weight:500;line-height:1.7\">Yannick Bittencourt<\/h2>\n\n\n\n<p class=\"has-text-align-left has-text-color has-link-color has-pontano-sans-font-family wp-elements-8 wp-block-paragraph\" style=\"color:#888888;font-size:clamp(14px, 0.875rem + ((1vw - 3.2px) * 0.227), 16px);font-style:normal;font-weight:700;letter-spacing:1px\">Born in Bern, Yannick took his first dance steps at the AS Ballett Schule with his parents, before continuing his training at the Paris Opera Ballet School and the Royal Ballet School in London. This school is therefore a return to his roots for someone who has shone on the world's greatest stages for 15 years as a soloist at the Paris Opera and as a soloist at the Zurich Ballet in 2018.<\/p>\n\n\n\n<p class=\"has-text-color has-link-color wp-elements-9 wp-block-paragraph\" style=\"color:#888888;font-size:clamp(14px, 0.875rem + ((1vw - 3.2px) * 0.227), 16px);font-style:normal;font-weight:700;letter-spacing:1px\">His repertoire includes memorable roles: Benvolio and Paris in Romeo and Juliet, Prince Siegfried in Swan Lake, and Espada in Don Quixote. A noble dancer with a unique style, he has also distinguished himself in contemporary creations with today's greatest choreographers: Wayne McGregor, William Forsythe, Ji\u0159\u00ed Kyli\u00e1n, and Crystal Pite.<\/p>\n\n\n\n<p class=\"has-text-align-left has-text-color has-link-color has-pontano-sans-font-family wp-elements-10 wp-block-paragraph\" style=\"color:#888888;font-size:clamp(14px, 0.875rem + ((1vw - 3.2px) * 0.227), 16px);font-style:normal;font-weight:700;letter-spacing:1px\">Holder of a State Diploma in Dance Teaching and an Executive Master's Degree in Management from EM Lyon, he has taught company classes at the Paris Opera Ballet and participated as a jury member and teacher in the Youth American Grand Prix Paris. He combines pedagogical excellence with a modern strategic vision.<\/p>\n<\/div>\n\n\n\n<div class=\"wp-block-column is-layout-flow wp-container-core-column-is-layout-e66cdeb6 wp-block-column-is-layout-flow\">\n<figure class=\"wp-block-image aligncenter size-full is-resized has-custom-border is-style-rounded\"><img loading=\"lazy\" decoding=\"async\" width=\"678\" height=\"733\" src=\"https:\/\/asballett.ch\/wp-content\/uploads\/2025\/08\/DSC03292-2.jpg\" alt=\"\" class=\"wp-image-509\" style=\"border-width:1px;aspect-ratio:1;object-fit:cover;width:350px\" srcset=\"https:\/\/asballett.ch\/wp-content\/uploads\/2025\/08\/DSC03292-2.jpg 678w, https:\/\/asballett.ch\/wp-content\/uploads\/2025\/08\/DSC03292-2-277x300.jpg 277w\" sizes=\"(max-width: 678px) 100vw, 678px\" \/><\/figure>\n\n\n\n<div style=\"height:20px\" aria-hidden=\"true\" class=\"wp-block-spacer\"><\/div>\n\n\n\n<div style=\"height:10px\" aria-hidden=\"true\" class=\"wp-block-spacer\"><\/div>\n\n\n\n<h2 class=\"wp-block-heading has-text-align-center has-text-color has-link-color has-suranna-font-family wp-elements-11\" style=\"color:#000000;font-size:clamp(19.481px, 1.218rem + ((1vw - 3.2px) * 1.309), 31px);font-style:normal;font-weight:500;line-height:1.7\">Gr\u00e9gory Dominiak<\/h2>\n\n\n\n<p class=\"has-text-align-left has-text-color has-link-color has-pontano-sans-font-family wp-elements-12 wp-block-paragraph\" style=\"color:#888888;font-size:clamp(14px, 0.875rem + ((1vw - 3.2px) * 0.227), 16px);font-style:normal;font-weight:700;letter-spacing:1px\">With 23 extraordinary years in the Corps de Ballet of the Paris Opera, Gregory brings with him an unparalleled experience in classical and contemporary repertoire. Trained at the \u00c9cole de Danse de l'Op\u00e9ra de Paris and enriched by his stay at the Rock School in Philadelphia, he has interpreted the great ballets of the classical repertoire and distinguished himself in works by the greatest contemporary names in dance: Maurice B\u00e9jart, Roland Petit, John Neumeier, Pina Bausch, William Forsythe, and Mats Ek.<\/p>\n\n\n\n<p class=\"has-text-align-left has-text-color has-link-color has-pontano-sans-font-family wp-elements-13 wp-block-paragraph\" style=\"color:#888888;font-size:clamp(14px, 0.875rem + ((1vw - 3.2px) * 0.227), 16px);font-style:normal;font-weight:700;letter-spacing:1px\">He ended his brilliant career as a dancer on December 31, 2023, in Ji\u0159\u00ed Kyli\u00e1n's iconic work \u201cPetite Mort,\u201d after performing on the world's most prestigious stages during numerous international tours.<\/p>\n<\/div>\n<\/div>\n<\/div>\n\n\n\n<div class=\"wp-block-group alignwide has-global-padding is-layout-constrained wp-container-core-group-is-layout-acdc5783 wp-block-group-is-layout-constrained\" style=\"margin-top:0px;margin-bottom:0px;padding-top:80px;padding-bottom:80px\">\n<div class=\"wp-block-columns is-layout-flex wp-container-core-columns-is-layout-c7e1c938 wp-block-columns-is-layout-flex\">\n<div class=\"wp-block-column is-layout-flow wp-container-core-column-is-layout-e66cdeb6 wp-block-column-is-layout-flow\">\n<figure class=\"wp-block-image aligncenter size-full is-resized has-custom-border is-style-rounded\"><img loading=\"lazy\" decoding=\"async\" width=\"387\" height=\"516\" src=\"https:\/\/asballett.ch\/wp-content\/uploads\/2026\/06\/images-2.jpeg\" alt=\"\" class=\"wp-image-1059\" style=\"border-width:1px;aspect-ratio:1;object-fit:cover;width:350px\" srcset=\"https:\/\/asballett.ch\/wp-content\/uploads\/2026\/06\/images-2.jpeg 387w, https:\/\/asballett.ch\/wp-content\/uploads\/2026\/06\/images-2-225x300.jpeg 225w, https:\/\/asballett.ch\/wp-content\/uploads\/2026\/06\/images-2-9x12.jpeg 9w\" sizes=\"(max-width: 387px) 100vw, 387px\" \/><\/figure>\n\n\n\n<div style=\"height:20px\" aria-hidden=\"true\" class=\"wp-block-spacer\"><\/div>\n\n\n\n<div style=\"height:10px\" aria-hidden=\"true\" class=\"wp-block-spacer\"><\/div>\n\n\n\n<h2 class=\"wp-block-heading has-text-align-center has-text-color has-link-color has-suranna-font-family wp-elements-14\" style=\"color:#000000;font-size:clamp(19.481px, 1.218rem + ((1vw - 3.2px) * 1.309), 31px);font-style:normal;font-weight:500;line-height:1.7\">Janisha Duss<\/h2>\n\n\n\n<p class=\"has-text-align-left has-text-color has-link-color has-pontano-sans-font-family wp-elements-15 wp-block-paragraph\" style=\"color:#888888;font-size:clamp(14px, 0.875rem + ((1vw - 3.2px) * 0.227), 16px);font-style:normal;font-weight:700;letter-spacing:1px\">Janisha Duss discovered her passion for dance at an early age at the AS Ballettschule in Bern, where she developed a strong foundation in classical ballet. Over the years, she expanded her repertoire to include jazz, lyrical jazz, musical theatre jazz, contemporary, modern, commercial and heels, further developing her skills at a range of national and international dance institutions.\nShe studied at HF University Z\u00fcrich Tanzwerk, the Musical Factory Lucerne, as well as at other training institutions in Denmark and Los Angeles. She is currently broadening her expertise through a Pilates Reformer training programme at the Swiss Academy of Fitness &amp; Sports.\nAs a dancer, she has taken part in various stage and video projects, including Energy Star Night Basel, and has competed in national and international dance competitions in Switzerland and France.\nHer main areas of focus are lyrical jazz, jazz and contemporary dance. Alongside technique and expression, she places particular emphasis on musicality, stage presence and artistic development.<\/p>\n\n\n\n<p class=\"has-text-align-left has-text-color has-link-color has-pontano-sans-font-family wp-elements-16 wp-block-paragraph\" style=\"color:#888888;font-size:clamp(14px, 0.875rem + ((1vw - 3.2px) * 0.227), 16px);font-style:normal;font-weight:700;letter-spacing:1px\"><\/p>\n<\/div>\n\n\n\n<div class=\"wp-block-column is-layout-flow wp-container-core-column-is-layout-e66cdeb6 wp-block-column-is-layout-flow\">\n<div style=\"height:20px\" aria-hidden=\"true\" class=\"wp-block-spacer\"><\/div>\n\n\n\n<div style=\"height:10px\" aria-hidden=\"true\" class=\"wp-block-spacer\"><\/div>\n\n\n\n<h2 class=\"wp-block-heading has-text-align-center has-text-color has-link-color has-suranna-font-family wp-elements-17\" style=\"color:#000000;font-size:clamp(19.481px, 1.218rem + ((1vw - 3.2px) * 1.309), 31px);font-style:normal;font-weight:500;line-height:1.7\"><\/h2>\n<\/div>\n<\/div>\n<\/div>\n<\/div>","protected":false},"excerpt":{"rendered":"<p>S\u00f4nia Melo Geboren in S\u00e3o Paulo (Brasilien), erhielt S\u00f4nia Melo eine umfassende klassische Ausbildung, in der die Royal Academy of Dance (RAD) zwar ein zentraler Pfeiler war, ihre Schulung jedoch nicht auf diese Methode beschr\u00e4nkt blieb; als Mitglied der ersten in Brasilien abgehaltenen RAD-Solo-Seal-Pr\u00fcfungsrunde erwarb sie das Solo Seal. Sie tanzte u. a. bei der [&hellip;]<\/p>\n","protected":false},"author":1,"featured_media":0,"parent":0,"menu_order":0,"comment_status":"closed","ping_status":"closed","template":"","meta":{"tpgb_global_settings":"","_lpp_custom_logo_id":144,"footnotes":""},"class_list":["post-593","page","type-page","status-publish","hentry"],"pbg_featured_image_src":{"full":false,"thumbnail":false,"medium":false,"medium_large":false,"large":false,"1536x1536":false,"2048x2048":false,"trp-custom-language-flag":false,"tp-image-grid":false},"pbg_author_info":{"display_name":"admin","author_link":"https:\/\/asballett.ch\/en\/author\/abausilio_menb1zkj\/","author_img":"<img alt='admin' src='https:\/\/secure.gravatar.com\/avatar\/747169f0d01490998f91f168e11a0bcfb6d346e6d0ad89bac202c34786a812f8?s=128&#038;d=mm&#038;r=g' srcset='https:\/\/secure.gravatar.com\/avatar\/747169f0d01490998f91f168e11a0bcfb6d346e6d0ad89bac202c34786a812f8?s=256&#038;d=mm&#038;r=g 2x' class='avatar avatar-128 photo' height='128' width='128' decoding='async'\/>"},"pbg_comment_info":" No Comments","pbg_excerpt":"S\u00f4nia Melo Geboren in S\u00e3o Paulo (Brasilien), erhielt S\u00f4nia Melo eine umfassende klassische Ausbildung, in der die Royal Academy of Dance (RAD) zwar ein zentraler Pfeiler war, ihre Schulung jedoch nicht auf diese Methode beschr\u00e4nkt blieb; als Mitglied der ersten in Brasilien abgehaltenen RAD-Solo-Seal-Pr\u00fcfungsrunde erwarb sie das Solo Seal. Sie tanzte u. a. bei der&hellip;","tpgb_featured_images":null,"tpgb_post_meta_info":{"get_date":"August 27, 2025","get_modified_date":"June 29, 2026","author_name":"admin","author_url":"https:\/\/asballett.ch\/en\/author\/abausilio_menb1zkj\/","author_email":"a.bausilio@sunrise.ch","author_website":"https:\/\/asballett.ch","author_description":"","author_facebook":"","author_twitter":"","author_instagram":"","author_role":["administrator"],"author_firstname":"","author_lastname":"","user_login":"abausilio_menb1zkj","author_avatar":"<img alt='' src='https:\/\/secure.gravatar.com\/avatar\/747169f0d01490998f91f168e11a0bcfb6d346e6d0ad89bac202c34786a812f8?s=200&#038;d=mm&#038;r=g' srcset='https:\/\/secure.gravatar.com\/avatar\/747169f0d01490998f91f168e11a0bcfb6d346e6d0ad89bac202c34786a812f8?s=400&#038;d=mm&#038;r=g 2x' class='avatar avatar-200 photo' height='200' width='200' decoding='async'\/>","author_avatar_url":"https:\/\/secure.gravatar.com\/avatar\/747169f0d01490998f91f168e11a0bcfb6d346e6d0ad89bac202c34786a812f8?s=96&d=mm&r=g","comment_count":0,"post_likes":0,"post_views":0},"tpgb_post_category":[],"_links":{"self":[{"href":"https:\/\/asballett.ch\/en\/wp-json\/wp\/v2\/pages\/593","targetHints":{"allow":["GET"]}}],"collection":[{"href":"https:\/\/asballett.ch\/en\/wp-json\/wp\/v2\/pages"}],"about":[{"href":"https:\/\/asballett.ch\/en\/wp-json\/wp\/v2\/types\/page"}],"author":[{"embeddable":true,"href":"https:\/\/asballett.ch\/en\/wp-json\/wp\/v2\/users\/1"}],"replies":[{"embeddable":true,"href":"https:\/\/asballett.ch\/en\/wp-json\/wp\/v2\/comments?post=593"}],"version-history":[{"count":8,"href":"https:\/\/asballett.ch\/en\/wp-json\/wp\/v2\/pages\/593\/revisions"}],"predecessor-version":[{"id":1065,"href":"https:\/\/asballett.ch\/en\/wp-json\/wp\/v2\/pages\/593\/revisions\/1065"}],"wp:attachment":[{"href":"https:\/\/asballett.ch\/en\/wp-json\/wp\/v2\/media?parent=593"}],"curies":[{"name":"wp","href":"https:\/\/api.w.org\/{rel}","templated":true}]}}